{"id":12,"date":"2021-03-31T20:47:53","date_gmt":"2021-03-31T20:47:53","guid":{"rendered":"https:\/\/manina-transport.de\/?page_id=12"},"modified":"2021-12-07T15:31:06","modified_gmt":"2021-12-07T15:31:06","slug":"ueber-uns","status":"publish","type":"page","link":"https:\/\/manina-transport.de\/?page_id=12","title":{"rendered":"\u00dcber uns"},"content":{"rendered":"\t\t<div data-elementor-type=\"wp-page\" data-elementor-id=\"12\" class=\"elementor elementor-12\" data-elementor-post-type=\"page\">\n\t\t\t\t\t\t<section class=\"elementor-section elementor-top-section elementor-element elementor-element-7a0cfa4e elementor-section-boxed elementor-section-height-default elementor-section-height-default\" data-id=\"7a0cfa4e\" data-element_type=\"section\" data-e-type=\"section\">\n\t\t\t\t\t\t<div class=\"elementor-container elementor-column-gap-default\">\n\t\t\t\t\t<div class=\"elementor-column elementor-col-100 elementor-top-column elementor-element elementor-element-1bdfb041\" data-id=\"1bdfb041\" data-element_type=\"column\" data-e-type=\"column\">\n\t\t\t<div class=\"elementor-widget-wrap elementor-element-populated\">\n\t\t\t\t\t\t<div class=\"elementor-element elementor-element-6a3d2f9d elementor-widget elementor-widget-text-editor\" data-id=\"6a3d2f9d\" data-element_type=\"widget\" data-e-type=\"widget\" data-widget_type=\"text-editor.default\">\n\t\t\t\t<div class=\"elementor-widget-container\">\n\t\t\t\t\t\t\t\t\t<p><span style=\"font-size: 14pt;\"><\/span><\/p>\n<p style=\"text-align: left;\"><span style=\"font-size: 14pt;\">Nach vielen Jahren erfolgreicher und harmonischer Zusammenarbeit mit der Fa. B\u00f6hmer-Transporte haben sich die alleinige Gesellschafterin und Gesch\u00e4ftsf\u00fchrerin Ina S\u00e4wert (vormals Gei\u00dfler) und Andreas B\u00f6hmer f\u00fcr einen Zusammenschluss der beiden Firmen entschieden.<\/span><\/p>\n<p><span style=\"font-size: 14pt;\"><\/span><\/p>\t\t\t\t\t\t\t\t<\/div>\n\t\t\t\t<\/div>\n\t\t\t\t\t<\/div>\n\t\t<\/div>\n\t\t\t\t\t<\/div>\n\t\t<\/section>\n\t\t\t\t<section class=\"elementor-section elementor-top-section elementor-element elementor-element-cf597ad elementor-section-boxed elementor-section-height-default elementor-section-height-default\" data-id=\"cf597ad\" data-element_type=\"section\" data-e-type=\"section\">\n\t\t\t\t\t\t<div class=\"elementor-container elementor-column-gap-default\">\n\t\t\t\t\t<div class=\"elementor-column elementor-col-100 elementor-top-column elementor-element elementor-element-994e0f9\" data-id=\"994e0f9\" data-element_type=\"column\" data-e-type=\"column\">\n\t\t\t<div class=\"elementor-widget-wrap elementor-element-populated\">\n\t\t\t\t\t\t<div class=\"elementor-element elementor-element-5e2f68d elementor-widget elementor-widget-text-editor\" data-id=\"5e2f68d\" data-element_type=\"widget\" data-e-type=\"widget\" data-widget_type=\"text-editor.default\">\n\t\t\t\t<div class=\"elementor-widget-container\">\n\t\t\t\t\t\t\t\t\t<p><span style=\"font-size: 14pt;\">1994 Gr\u00fcndung der MANINA Transport-Logistik als Einzelfirma<\/span><\/p>\t\t\t\t\t\t\t\t<\/div>\n\t\t\t\t<\/div>\n\t\t\t\t\t<\/div>\n\t\t<\/div>\n\t\t\t\t\t<\/div>\n\t\t<\/section>\n\t\t\t\t<section class=\"elementor-section elementor-top-section elementor-element elementor-element-b888ff1 elementor-section-boxed elementor-section-height-default elementor-section-height-default\" data-id=\"b888ff1\" data-element_type=\"section\" data-e-type=\"section\">\n\t\t\t\t\t\t<div class=\"elementor-container elementor-column-gap-default\">\n\t\t\t\t\t<div class=\"elementor-column elementor-col-100 elementor-top-column elementor-element elementor-element-c55e6b0\" data-id=\"c55e6b0\" data-element_type=\"column\" data-e-type=\"column\">\n\t\t\t<div class=\"elementor-widget-wrap elementor-element-populated\">\n\t\t\t\t\t\t<div class=\"elementor-element elementor-element-7dee2f8 elementor-widget elementor-widget-text-editor\" data-id=\"7dee2f8\" data-element_type=\"widget\" data-e-type=\"widget\" data-widget_type=\"text-editor.default\">\n\t\t\t\t<div class=\"elementor-widget-container\">\n\t\t\t\t\t\t\t\t\t<p><span style=\"font-size: 14pt;\">2009 Gr\u00fcndung der MANINA Verkehrs GmbH<\/span><\/p>\t\t\t\t\t\t\t\t<\/div>\n\t\t\t\t<\/div>\n\t\t\t\t\t<\/div>\n\t\t<\/div>\n\t\t\t\t\t<\/div>\n\t\t<\/section>\n\t\t\t\t<section class=\"elementor-section elementor-top-section elementor-element elementor-element-2cbc656 elementor-section-boxed elementor-section-height-default elementor-section-height-default\" data-id=\"2cbc656\" data-element_type=\"section\" data-e-type=\"section\">\n\t\t\t\t\t\t<div class=\"elementor-container elementor-column-gap-default\">\n\t\t\t\t\t<div class=\"elementor-column elementor-col-100 elementor-top-column elementor-element elementor-element-8647b3d\" data-id=\"8647b3d\" data-element_type=\"column\" data-e-type=\"column\">\n\t\t\t<div class=\"elementor-widget-wrap elementor-element-populated\">\n\t\t\t\t\t\t<div class=\"elementor-element elementor-element-94de595 elementor-widget elementor-widget-text-editor\" data-id=\"94de595\" data-element_type=\"widget\" data-e-type=\"widget\" data-widget_type=\"text-editor.default\">\n\t\t\t\t<div class=\"elementor-widget-container\">\n\t\t\t\t\t\t\t\t\t<p><span style=\"font-size: 14pt;\">2021 Erwerb von 50 % Gesellschaftsanteilen durch Andreas B\u00f6hmer<\/span><\/p>\t\t\t\t\t\t\t\t<\/div>\n\t\t\t\t<\/div>\n\t\t\t\t\t<\/div>\n\t\t<\/div>\n\t\t\t\t\t<\/div>\n\t\t<\/section>\n\t\t\t\t<section class=\"elementor-section elementor-top-section elementor-element elementor-element-0621554 elementor-section-boxed elementor-section-height-default elementor-section-height-default\" data-id=\"0621554\" data-element_type=\"section\" data-e-type=\"section\">\n\t\t\t\t\t\t<div class=\"elementor-container elementor-column-gap-default\">\n\t\t\t\t\t<div class=\"elementor-column elementor-col-100 elementor-top-column elementor-element elementor-element-cab3868\" data-id=\"cab3868\" data-element_type=\"column\" data-e-type=\"column\">\n\t\t\t<div class=\"elementor-widget-wrap elementor-element-populated\">\n\t\t\t\t\t\t<div class=\"elementor-element elementor-element-a43f877 elementor-widget elementor-widget-text-editor\" data-id=\"a43f877\" data-element_type=\"widget\" data-e-type=\"widget\" data-widget_type=\"text-editor.default\">\n\t\t\t\t<div class=\"elementor-widget-container\">\n\t\t\t\t\t\t\t\t\t<p><span style=\"font-size: 14pt;\">Seit Mai 2021 fahren wir zusammen!<\/span><\/p>\t\t\t\t\t\t\t\t<\/div>\n\t\t\t\t<\/div>\n\t\t\t\t\t<\/div>\n\t\t<\/div>\n\t\t\t\t\t<\/div>\n\t\t<\/section>\n\t\t\t\t<section class=\"elementor-section elementor-top-section elementor-element elementor-element-9963ea2 elementor-section-boxed elementor-section-height-default elementor-section-height-default\" data-id=\"9963ea2\" data-element_type=\"section\" data-e-type=\"section\">\n\t\t\t\t\t\t<div class=\"elementor-container elementor-column-gap-default\">\n\t\t\t\t\t<div class=\"elementor-column elementor-col-100 elementor-top-column elementor-element elementor-element-3f81064\" data-id=\"3f81064\" data-element_type=\"column\" data-e-type=\"column\">\n\t\t\t<div class=\"elementor-widget-wrap elementor-element-populated\">\n\t\t\t\t\t\t<div class=\"elementor-element elementor-element-1615442 elementor-widget elementor-widget-image\" data-id=\"1615442\" data-element_type=\"widget\" data-e-type=\"widget\" data-widget_type=\"image.default\">\n\t\t\t\t<div class=\"elementor-widget-container\">\n\t\t\t\t\t\t\t\t\t\t\t\t\t\t\t<img fetchpriority=\"high\" decoding=\"async\" width=\"573\" height=\"400\" src=\"https:\/\/manina-transport.de\/wp-content\/uploads\/2021\/03\/wir-fahren-zusammen-1.png\" class=\"attachment-onepress-medium size-onepress-medium wp-image-34\" alt=\"\" srcset=\"https:\/\/manina-transport.de\/wp-content\/uploads\/2021\/03\/wir-fahren-zusammen-1.png 1247w, https:\/\/manina-transport.de\/wp-content\/uploads\/2021\/03\/wir-fahren-zusammen-1-300x209.png 300w, https:\/\/manina-transport.de\/wp-content\/uploads\/2021\/03\/wir-fahren-zusammen-1-1024x714.png 1024w, https:\/\/manina-transport.de\/wp-content\/uploads\/2021\/03\/wir-fahren-zusammen-1-768x536.png 768w\" sizes=\"(max-width: 573px) 100vw, 573px\" \/>\t\t\t\t\t\t\t\t\t\t\t\t\t\t\t<\/div>\n\t\t\t\t<\/div>\n\t\t\t\t\t<\/div>\n\t\t<\/div>\n\t\t\t\t\t<\/div>\n\t\t<\/section>\n\t\t\t\t<\/div>\n\t\t","protected":false},"excerpt":{"rendered":"<p>Nach vielen Jahren erfolgreicher und harmonischer Zusammenarbeit mit der Fa. B\u00f6hmer-Transporte haben sich die alleinige Gesellschafterin und Gesch\u00e4ftsf\u00fchrerin Ina S\u00e4wert (vormals Gei\u00dfler) und Andreas B\u00f6hmer f\u00fcr einen Zusammenschluss der beiden &#8230;<\/p>\n","protected":false},"author":1,"featured_media":0,"parent":0,"menu_order":0,"comment_status":"closed","ping_status":"closed","template":"","meta":{"footnotes":""},"class_list":["post-12","page","type-page","status-publish","hentry"],"_links":{"self":[{"href":"https:\/\/manina-transport.de\/index.php?rest_route=\/wp\/v2\/pages\/12","targetHints":{"allow":["GET"]}}],"collection":[{"href":"https:\/\/manina-transport.de\/index.php?rest_route=\/wp\/v2\/pages"}],"about":[{"href":"https:\/\/manina-transport.de\/index.php?rest_route=\/wp\/v2\/types\/page"}],"author":[{"embeddable":true,"href":"https:\/\/manina-transport.de\/index.php?rest_route=\/wp\/v2\/users\/1"}],"replies":[{"embeddable":true,"href":"https:\/\/manina-transport.de\/index.php?rest_route=%2Fwp%2Fv2%2Fcomments&post=12"}],"version-history":[{"count":16,"href":"https:\/\/manina-transport.de\/index.php?rest_route=\/wp\/v2\/pages\/12\/revisions"}],"predecessor-version":[{"id":320,"href":"https:\/\/manina-transport.de\/index.php?rest_route=\/wp\/v2\/pages\/12\/revisions\/320"}],"wp:attachment":[{"href":"https:\/\/manina-transport.de\/index.php?rest_route=%2Fwp%2Fv2%2Fmedia&parent=12"}],"curies":[{"name":"wp","href":"https:\/\/api.w.org\/{rel}","templated":true}]}}